{"id":145587,"date":"2024-09-02T19:26:58","date_gmt":"2024-09-02T17:26:58","guid":{"rendered":"https:\/\/www.metrica.it\/?page_id=145587"},"modified":"2024-09-02T19:38:23","modified_gmt":"2024-09-02T17:38:23","slug":"privacy","status":"publish","type":"page","link":"https:\/\/www.metrica.it\/de\/privacy\/","title":{"rendered":"Privacy"},"content":{"rendered":"\n<p class=\"has-text-align-center\">INFORMATIONEN \u00dcBER DIE VERARBEITUNG VON PERSONENBEZOGENEN DATEN<br>GEM\u00c4SS DEN ARTIKELN 13-14 DER GDPR<br>(ALLGEMEINE DATENSCHUTZVERORDNUNG) 2016\/679<br><\/p>\n\n\n\n<p>Das unterzeichnende Unternehmen informiert Sie dar\u00fcber, dass es f\u00fcr die Verwaltung der Gesch\u00e4ftsbeziehungen Inhaber Ihrer sogenannten \u201epersonenbezogenen\u201c Daten gem\u00e4\u00df und f\u00fcr die Zwecke des Datenschutzgesetzes (Gesetzesdekret 196\/2003) und nachfolgender \u00c4nderungen sowie der EU-Verordnung 2016\/679 (\u201eGDPR\u201c) ist.&nbsp;<\/p>\n\n\n\n<p>und informiert Sie daher, dass:<\/p>\n\n\n\n<p><strong>1. KONTAKTE DES INHABERS<\/strong><\/p>\n\n\n\n<p>Der Inhaber der Verarbeitung personenbezogener Daten ist METRICA S.p.A. in der Person seines gesetzlichen Vertreters pro tempore, mit Sitz in Arzignano (VI) Viale Vicenza 40, der auf dem Postweg unter der gleichen Adresse kontaktiert werden kann oder: per E-Mail unter <a href=\"mailto:Info@metrica.it\">Info@metrica.it<\/a>, per Post oder Pec unter <a href=\"mailto:metrica.spa@legalmail.it\">metrica.spa@legalmail.it<\/a>.<\/p>\n\n\n\n<p><strong>2. ZWECK DER VERARBEITUNG<\/strong><\/p>\n\n\n\n<p>Ihre pers\u00f6nlichen Daten werden verarbeitet<\/p>\n\n\n\n<p>ohne Ihre ausdr\u00fcckliche Zustimmung (Art. 24 lit. a), b), c) Datenschutzgesetz und Art. 6 lit. b), e) GDPR), f\u00fcr die folgenden Dienstleistungszwecke:&nbsp;<\/p>\n\n\n\n<p>&#8211; Abschluss von Anfragen oder Vertr\u00e4gen \u00fcber Dienstleistungen\/Produkte des f\u00fcr die Verarbeitung Verantwortlichen;<\/p>\n\n\n\n<p>&#8211; Erf\u00fcllung der vorvertraglichen, vertraglichen und steuerlichen Verpflichtungen, die sich aus den Beziehungen mit Ihnen ergeben<\/p>\n\n\n\n<p>&#8211; Erf\u00fcllung von Verpflichtungen, die in Gesetzen, Verordnungen, EU-Rechtsvorschriften oder Anordnungen der Beh\u00f6rde vorgesehen sind (z. B. zur Bek\u00e4mpfung der Geldw\u00e4sche)<\/p>\n\n\n\n<p>&#8211; die Aus\u00fcbung der Rechte des f\u00fcr die Verarbeitung Verantwortlichen, wie z. B. das Recht auf Verteidigung vor Gericht;<\/p>\n\n\n\n<p><strong>3. METHODEN DER VERARBEITUNG<\/strong><\/p>\n\n\n\n<p>Die Verarbeitung Ihrer personenbezogenen Daten erfolgt mittels der in Art. 4 des Datenschutzgesetzes und Art. 4 Nr. 2) GDPR genannten Vorg\u00e4nge, und zwar: Erhebung, Speicherung, Organisation, Aufbewahrung, Abfrage, Verarbeitung, \u00c4nderung, Auswahl, Extraktion, Vergleich, Verwendung, Verkn\u00fcpfung, Sperrung, Mitteilung, L\u00f6schung und Vernichtung von Daten. Ihre personenbezogenen Daten werden sowohl in Papierform als auch elektronisch verarbeitet.&nbsp;<\/p>\n\n\n\n<p><strong>4. KOMMUNIKATION<\/strong><\/p>\n\n\n\n<p>Ihre Daten k\u00f6nnen f\u00fcr die in Art. 2 genannten Zwecke zug\u00e4nglich gemacht werden:<\/p>\n\n\n\n<p>&#8211; an Angestellte, Mitarbeiter und Beauftragte des f\u00fcr die Verarbeitung Verantwortlichen, die im Voraus dazu erm\u00e4chtigt wurden<\/p>\n\n\n\n<p>&#8211; Systemadministratoren<\/p>\n\n\n\n<p>&#8211; an Drittunternehmen oder andere Einrichtungen (z. B. Kreditinstitute, Berufsverb\u00e4nde, Berater, Versicherungsgesellschaften f\u00fcr die Erbringung von Versicherungsleistungen usw.), die im Auftrag des Inhabers der Datenverarbeitung Outsourcing-T\u00e4tigkeiten durchf\u00fchren, in ihrer Eigenschaft als externe Datenverarbeiter ausschlie\u00dflich zu den unter Punkt 2 genannten Zwecken&nbsp;<\/p>\n\n\n\n<p>&#8211; Unternehmen, die im Transportsektor t\u00e4tig sind;<\/p>\n\n\n\n<p>\u00dcbermittlung von Daten Ohne Ihre ausdr\u00fcckliche Zustimmung (gem\u00e4\u00df Art. 24 Buchst. a), b), d) des Datenschutzgesetzes und Art. 6 Buchst. b) und c) GDPR) kann der Inhaber der Datenverarbeitung Ihre Daten f\u00fcr die in Art. 2 genannten Zwecke an Kontrollorgane (wie IVASS), Justizbeh\u00f6rden, Versicherungsgesellschaften f\u00fcr die Erbringung von Versicherungsdienstleistungen sowie an diejenigen Personen \u00fcbermitteln, denen die \u00dcbermittlung f\u00fcr die Erf\u00fcllung der genannten Zwecke gesetzlich vorgeschrieben ist. Diese Personen verarbeiten die Daten in ihrer Eigenschaft als eigenst\u00e4ndige Inhaber der Datenverarbeitung.<\/p>\n\n\n\n<p>Ihre Daten werden nicht weitergegeben.<\/p>\n\n\n\n<p><strong>5. ART DER DATEN\u00dcBERMITTLUNG UND FOLGEN EINER VERWEIGERUNG DER ANTWORT<\/strong><\/p>\n\n\n\n<p>Die Bereitstellung der Daten f\u00fcr die in Art. 2 genannten Zwecke ist obligatorisch. In Ermangelung dieser Daten k\u00f6nnen wir die angeforderten Dienstleistungen nicht gew\u00e4hrleisten.<\/p>\n\n\n\n<p>Die Angabe von Daten f\u00fcr Nebenzwecke beim Surfen auf der Website ist freiwillig.<\/p>\n\n\n\n<p>Sie k\u00f6nnen daher beschlie\u00dfen, keine Daten zu liefern oder die M\u00f6glichkeit der Verarbeitung bereits gelieferter Daten nachtr\u00e4glich zu verweigern: In diesem Fall k\u00f6nnen Sie keine Newsletter, kommerzielle Mitteilungen und Werbematerialien im Zusammenhang mit den vom Eigent\u00fcmer angebotenen Dienstleistungen erhalten.<\/p>\n\n\n\n<p><strong>6. AUFBEWAHRUNGSFRISTEN<\/strong><\/p>\n\n\n\n<p>Der f\u00fcr die Verarbeitung Verantwortliche verarbeitet die personenbezogenen Daten so lange, wie es f\u00fcr die Erf\u00fcllung der oben genannten Zwecke erforderlich ist, in jedem Fall aber nicht l\u00e4nger als 10 Jahre nach Beendigung der Beziehung f\u00fcr die Zwecke der Dienstleistungen und nicht l\u00e4nger als 2 Jahre nach der Erhebung der Daten f\u00fcr die Zwecke des Marketings.<\/p>\n\n\n\n<p><strong>7. ORT DER VERARBEITUNG<\/strong><\/p>\n\n\n\n<p>Die Daten werden derzeit am Firmensitz in Arzignano (VI) Viale Vicenza 40 verarbeitet und gespeichert. Sie werden au\u00dferdem im Namen des Unterzeichners von Fachleuten und\/oder Unternehmen verarbeitet, die mit der Durchf\u00fchrung von Buchhaltungs-, Verwaltungs- und Arbeitsberatungst\u00e4tigkeiten beauftragt sind, wie oben angegeben.<\/p>\n\n\n\n<p><strong>8. RECHTE DER BETROFFENEN PERSON<\/strong><\/p>\n\n\n\n<p>Als betroffene Person k\u00f6nnen Sie gegen\u00fcber dem Unternehmen alle Rechte geltend machen, die in Art. 7 ff. des Datenschutzgesetzes und in den neuen Bestimmungen der allgemeinen europ\u00e4ischen Verordnung 679\/16 (sog. GDPR) anerkannt und garantiert werden, insbesondere haben Sie das Recht, jederzeit Folgendes zu erhalten<\/p>\n\n\n\n<p>a) eine Best\u00e4tigung dar\u00fcber zu erhalten, ob sie betreffende personenbezogene Daten verarbeitet werden oder nicht, und wenn dies der Fall ist, Zugang zu den personenbezogenen Daten sowie Informationen \u00fcber die Kategorien der verarbeiteten personenbezogenen Daten, die Empf\u00e4nger oder Kategorien von Empf\u00e4ngern, an die die personenbezogenen Daten weitergegeben werden oder weitergegeben werden sollen, die vorgesehene Speicherdauer, das Bestehen eines Rechts auf Berichtigung, L\u00f6schung oder Einschr\u00e4nkung der Verarbeitung, das Recht auf Beschwerde bei einer Aufsichtsbeh\u00f6rde, das Bestehen einer automatisierten Entscheidungsfindung, einschlie\u00dflich Profiling<\/p>\n\n\n\n<p>b) die unverz\u00fcgliche Berichtigung unrichtiger personenbezogener Daten und die Vervollst\u00e4ndigung unvollst\u00e4ndiger personenbezogener Daten;<\/p>\n\n\n\n<p>c) die unverz\u00fcgliche L\u00f6schung der Sie betreffenden personenbezogenen Daten, wenn Sie Ihre Einwilligung widerrufen, wenn die Daten f\u00fcr die Zwecke, f\u00fcr die sie erhoben oder auf sonstige Weise verarbeitet wurden, nicht mehr erforderlich sind oder wenn die Rechtsgrundlage f\u00fcr die Verarbeitung weggefallen ist, wenn die Daten unrechtm\u00e4\u00dfig verarbeitet wurden oder wenn eine solche Verpflichtung gesetzlich oder gerichtlich vorgeschrieben ist<\/p>\n\n\n\n<p>d) die Einschr\u00e4nkung der Verarbeitung der Sie betreffenden personenbezogenen Daten, wenn Sie die Richtigkeit der Daten bestreiten oder die Verarbeitung unrechtm\u00e4\u00dfig ist oder wenn das Unternehmen die Daten zwar nicht mehr f\u00fcr die Zwecke der Verarbeitung ben\u00f6tigt, die personenbezogenen Daten aber dennoch f\u00fcr die Begr\u00fcndung, Aus\u00fcbung oder Verteidigung von Rechtsanspr\u00fcchen erforderlich sind<\/p>\n\n\n\n<p>e) die Sie betreffenden personenbezogenen Daten, die Sie dem Unternehmen zur Verf\u00fcgung gestellt haben, in einem strukturierten, g\u00e4ngigen und maschinenlesbaren Format zu erhalten und diese Daten einem anderen f\u00fcr die Verarbeitung Verantwortlichen ohne Behinderung durch das Unternehmen zu \u00fcbermitteln, wenn die Verarbeitung mit automatisierten Mitteln erfolgt. Sofern technisch m\u00f6glich, haben Sie auch das Recht, die direkte \u00dcbermittlung (sog. \u201eDatenportabilit\u00e4t\u201c) Ihrer personenbezogenen Daten von der Gesellschaft an einen anderen f\u00fcr die Verarbeitung Verantwortlichen zu erwirken;<\/p>\n\n\n\n<p>f) den Widerruf einer erteilten Einwilligung in die Verarbeitung sensibler Daten.<\/p>\n\n\n\n<p>Zus\u00e4tzlich zu den oben genannten Rechten hat die betroffene Person jederzeit das Recht, bei der italienischen Datenschutzbeh\u00f6rde eine Beschwerde in Bezug auf die Verarbeitung ihrer personenbezogenen Daten einzureichen.<\/p>\n\n\n\n<p>Die oben genannten Rechte k\u00f6nnen durch eine schriftliche Anfrage oder per E-Mail an das Unternehmen unter den in Punkt 1 dieses Hinweises genannten Kontaktdaten ausge\u00fcbt werden.<\/p>\n\n\n\n<p>Das Unternehmen wird Sie dar\u00fcber informieren, wenn es beabsichtigt, die von Ihnen zur Verf\u00fcgung gestellten Daten zu einem anderen Zweck als dem, f\u00fcr den sie erhoben wurden, weiterzuverarbeiten.<\/p>\n\n\n\n<p>29\/08\/2024 \u2013 San Donato Milanese (MI)<\/p>\n\n\n\n<p>Der f\u00fcr die Verarbeitung Verantwortliche<\/p>\n","protected":false},"excerpt":{"rendered":"<p>INFORMATIONEN \u00dcBER DIE VERARBEITUNG VON PERSONENBEZOGENEN DATENGEM\u00c4SS DEN ARTIKELN 13-14 DER GDPR(ALLGEMEINE DATENSCHUTZVERORDNUNG) 2016\/679 Das unterzeichnende Unternehmen informiert Sie dar\u00fcber, dass es f\u00fcr die Verwaltung der Gesch\u00e4ftsbeziehungen Inhaber Ihrer sogenannten \u201epersonenbezogenen\u201c Daten gem\u00e4\u00df und f\u00fcr die Zwecke des Datenschutzgesetzes (Gesetzesdekret 196\/2003) und nachfolgender \u00c4nderungen sowie der EU-Verordnung 2016\/679 (\u201eGDPR\u201c) ist.&nbsp; und informiert Sie daher, dass: 1. KONTAKTE DES INHABERS Der Inhaber der Verarbeitung personenbezogener Daten ist METRICA S.p.A. in der Person seines gesetzlichen Vertreters pro tempore, mit Sitz in Arzignano (VI) Viale Vicenza 40, der auf dem Postweg unter der gleichen Adresse kontaktiert werden kann oder: per E-Mail unter Info@metrica.it, per Post oder Pec unter metrica.spa@legalmail.it. 2. ZWECK DER VERARBEITUNG Ihre pers\u00f6nlichen Daten werden verarbeitet ohne Ihre ausdr\u00fcckliche Zustimmung (Art. 24 lit. a), b), c) Datenschutzgesetz und Art. 6 lit. b), e) GDPR), f\u00fcr die folgenden Dienstleistungszwecke:&nbsp; &#8211; Abschluss von Anfragen oder Vertr\u00e4gen \u00fcber Dienstleistungen\/Produkte des f\u00fcr die Verarbeitung Verantwortlichen; &#8211; Erf\u00fcllung der vorvertraglichen, vertraglichen und steuerlichen Verpflichtungen, die sich aus den Beziehungen mit Ihnen ergeben &#8211; Erf\u00fcllung von Verpflichtungen, die in Gesetzen, Verordnungen, EU-Rechtsvorschriften oder Anordnungen der Beh\u00f6rde vorgesehen sind (z. B. zur Bek\u00e4mpfung der Geldw\u00e4sche) &#8211; die Aus\u00fcbung der Rechte des f\u00fcr die Verarbeitung Verantwortlichen, wie z. B&#8230;.<\/p>\n","protected":false},"author":1,"featured_media":0,"parent":0,"menu_order":0,"comment_status":"closed","ping_status":"closed","template":"","meta":{"footnotes":""},"class_list":["post-145587","page","type-page","status-publish","hentry"],"yoast_head":"<title>Privacy - Metrica<\/title>\n<meta name=\"robots\" content=\"index, follow, max-snippet:-1, max-image-preview:large, max-video-preview:-1\" \/>\n<link rel=\"canonical\" href=\"https:\/\/www.metrica.it\/de\/privacy\/\" \/>\n<meta property=\"og:locale\" content=\"de_DE\" \/>\n<meta property=\"og:type\" content=\"article\" \/>\n<meta property=\"og:title\" content=\"Privacy - Metrica\" \/>\n<meta property=\"og:description\" content=\"INFORMATIONEN \u00dcBER DIE VERARBEITUNG VON PERSONENBEZOGENEN DATENGEM\u00c4SS DEN ARTIKELN 13-14 DER GDPR(ALLGEMEINE DATENSCHUTZVERORDNUNG) 2016\/679 Das unterzeichnende Unternehmen informiert Sie dar\u00fcber, dass es f\u00fcr die Verwaltung der Gesch\u00e4ftsbeziehungen Inhaber Ihrer sogenannten \u201epersonenbezogenen\u201c Daten gem\u00e4\u00df und f\u00fcr die Zwecke des Datenschutzgesetzes (Gesetzesdekret 196\/2003) und nachfolgender \u00c4nderungen sowie der EU-Verordnung 2016\/679 (\u201eGDPR\u201c) ist.&nbsp; und informiert Sie daher, dass: 1. KONTAKTE DES INHABERS Der Inhaber der Verarbeitung personenbezogener Daten ist METRICA S.p.A. in der Person seines gesetzlichen Vertreters pro tempore, mit Sitz in Arzignano (VI) Viale Vicenza 40, der auf dem Postweg unter der gleichen Adresse kontaktiert werden kann oder: per E-Mail unter Info@metrica.it, per Post oder Pec unter metrica.spa@legalmail.it. 2. ZWECK DER VERARBEITUNG Ihre pers\u00f6nlichen Daten werden verarbeitet ohne Ihre ausdr\u00fcckliche Zustimmung (Art. 24 lit. a), b), c) Datenschutzgesetz und Art. 6 lit. b), e) GDPR), f\u00fcr die folgenden Dienstleistungszwecke:&nbsp; &#8211; Abschluss von Anfragen oder Vertr\u00e4gen \u00fcber Dienstleistungen\/Produkte des f\u00fcr die Verarbeitung Verantwortlichen; &#8211; Erf\u00fcllung der vorvertraglichen, vertraglichen und steuerlichen Verpflichtungen, die sich aus den Beziehungen mit Ihnen ergeben &#8211; Erf\u00fcllung von Verpflichtungen, die in Gesetzen, Verordnungen, EU-Rechtsvorschriften oder Anordnungen der Beh\u00f6rde vorgesehen sind (z. B. zur Bek\u00e4mpfung der Geldw\u00e4sche) &#8211; die Aus\u00fcbung der Rechte des f\u00fcr die Verarbeitung Verantwortlichen, wie z. B....\" \/>\n<meta property=\"og:url\" content=\"https:\/\/www.metrica.it\/de\/privacy\/\" \/>\n<meta property=\"og:site_name\" content=\"Metrica\" \/>\n<meta property=\"article:modified_time\" content=\"2024-09-02T17:38:23+00:00\" \/>\n<meta name=\"twitter:card\" content=\"summary_large_image\" \/>\n<meta name=\"twitter:label1\" content=\"Gesch\u00e4tzte Lesezeit\" \/>\n\t<meta name=\"twitter:data1\" content=\"6\u00a0Minuten\" \/>\n<script type=\"application\/ld+json\" class=\"yoast-schema-graph\">{\"@context\":\"https:\\\/\\\/schema.org\",\"@graph\":[{\"@type\":\"WebPage\",\"@id\":\"https:\\\/\\\/www.metrica.it\\\/de\\\/privacy\\\/\",\"url\":\"https:\\\/\\\/www.metrica.it\\\/de\\\/privacy\\\/\",\"name\":\"Privacy - Metrica\",\"isPartOf\":{\"@id\":\"https:\\\/\\\/www.metrica.it\\\/de\\\/#website\"},\"datePublished\":\"2024-09-02T17:26:58+00:00\",\"dateModified\":\"2024-09-02T17:38:23+00:00\",\"breadcrumb\":{\"@id\":\"https:\\\/\\\/www.metrica.it\\\/de\\\/privacy\\\/#breadcrumb\"},\"inLanguage\":\"de\",\"potentialAction\":[{\"@type\":\"ReadAction\",\"target\":[\"https:\\\/\\\/www.metrica.it\\\/de\\\/privacy\\\/\"]}]},{\"@type\":\"BreadcrumbList\",\"@id\":\"https:\\\/\\\/www.metrica.it\\\/de\\\/privacy\\\/#breadcrumb\",\"itemListElement\":[{\"@type\":\"ListItem\",\"position\":1,\"name\":\"Home\",\"item\":\"https:\\\/\\\/www.metrica.it\\\/de\\\/\"},{\"@type\":\"ListItem\",\"position\":2,\"name\":\"Privacy\"}]},{\"@type\":\"WebSite\",\"@id\":\"https:\\\/\\\/www.metrica.it\\\/de\\\/#website\",\"url\":\"https:\\\/\\\/www.metrica.it\\\/de\\\/\",\"name\":\"Metrica\",\"description\":\"Made to measure\",\"potentialAction\":[{\"@type\":\"SearchAction\",\"target\":{\"@type\":\"EntryPoint\",\"urlTemplate\":\"https:\\\/\\\/www.metrica.it\\\/de\\\/?s={search_term_string}\"},\"query-input\":{\"@type\":\"PropertyValueSpecification\",\"valueRequired\":true,\"valueName\":\"search_term_string\"}}],\"inLanguage\":\"de\"}]}<\/script>","yoast_head_json":{"title":"Privacy - Metrica","robots":{"index":"index","follow":"follow","max-snippet":"max-snippet:-1","max-image-preview":"max-image-preview:large","max-video-preview":"max-video-preview:-1"},"canonical":"https:\/\/www.metrica.it\/de\/privacy\/","og_locale":"de_DE","og_type":"article","og_title":"Privacy - Metrica","og_description":"INFORMATIONEN \u00dcBER DIE VERARBEITUNG VON PERSONENBEZOGENEN DATENGEM\u00c4SS DEN ARTIKELN 13-14 DER GDPR(ALLGEMEINE DATENSCHUTZVERORDNUNG) 2016\/679 Das unterzeichnende Unternehmen informiert Sie dar\u00fcber, dass es f\u00fcr die Verwaltung der Gesch\u00e4ftsbeziehungen Inhaber Ihrer sogenannten \u201epersonenbezogenen\u201c Daten gem\u00e4\u00df und f\u00fcr die Zwecke des Datenschutzgesetzes (Gesetzesdekret 196\/2003) und nachfolgender \u00c4nderungen sowie der EU-Verordnung 2016\/679 (\u201eGDPR\u201c) ist.&nbsp; und informiert Sie daher, dass: 1. KONTAKTE DES INHABERS Der Inhaber der Verarbeitung personenbezogener Daten ist METRICA S.p.A. in der Person seines gesetzlichen Vertreters pro tempore, mit Sitz in Arzignano (VI) Viale Vicenza 40, der auf dem Postweg unter der gleichen Adresse kontaktiert werden kann oder: per E-Mail unter Info@metrica.it, per Post oder Pec unter metrica.spa@legalmail.it. 2. ZWECK DER VERARBEITUNG Ihre pers\u00f6nlichen Daten werden verarbeitet ohne Ihre ausdr\u00fcckliche Zustimmung (Art. 24 lit. a), b), c) Datenschutzgesetz und Art. 6 lit. b), e) GDPR), f\u00fcr die folgenden Dienstleistungszwecke:&nbsp; &#8211; Abschluss von Anfragen oder Vertr\u00e4gen \u00fcber Dienstleistungen\/Produkte des f\u00fcr die Verarbeitung Verantwortlichen; &#8211; Erf\u00fcllung der vorvertraglichen, vertraglichen und steuerlichen Verpflichtungen, die sich aus den Beziehungen mit Ihnen ergeben &#8211; Erf\u00fcllung von Verpflichtungen, die in Gesetzen, Verordnungen, EU-Rechtsvorschriften oder Anordnungen der Beh\u00f6rde vorgesehen sind (z. B. zur Bek\u00e4mpfung der Geldw\u00e4sche) &#8211; die Aus\u00fcbung der Rechte des f\u00fcr die Verarbeitung Verantwortlichen, wie z. B....","og_url":"https:\/\/www.metrica.it\/de\/privacy\/","og_site_name":"Metrica","article_modified_time":"2024-09-02T17:38:23+00:00","twitter_card":"summary_large_image","twitter_misc":{"Gesch\u00e4tzte Lesezeit":"6\u00a0Minuten"},"schema":{"@context":"https:\/\/schema.org","@graph":[{"@type":"WebPage","@id":"https:\/\/www.metrica.it\/de\/privacy\/","url":"https:\/\/www.metrica.it\/de\/privacy\/","name":"Privacy - Metrica","isPartOf":{"@id":"https:\/\/www.metrica.it\/de\/#website"},"datePublished":"2024-09-02T17:26:58+00:00","dateModified":"2024-09-02T17:38:23+00:00","breadcrumb":{"@id":"https:\/\/www.metrica.it\/de\/privacy\/#breadcrumb"},"inLanguage":"de","potentialAction":[{"@type":"ReadAction","target":["https:\/\/www.metrica.it\/de\/privacy\/"]}]},{"@type":"BreadcrumbList","@id":"https:\/\/www.metrica.it\/de\/privacy\/#breadcrumb","itemListElement":[{"@type":"ListItem","position":1,"name":"Home","item":"https:\/\/www.metrica.it\/de\/"},{"@type":"ListItem","position":2,"name":"Privacy"}]},{"@type":"WebSite","@id":"https:\/\/www.metrica.it\/de\/#website","url":"https:\/\/www.metrica.it\/de\/","name":"Metrica","description":"Made to measure","potentialAction":[{"@type":"SearchAction","target":{"@type":"EntryPoint","urlTemplate":"https:\/\/www.metrica.it\/de\/?s={search_term_string}"},"query-input":{"@type":"PropertyValueSpecification","valueRequired":true,"valueName":"search_term_string"}}],"inLanguage":"de"}]}},"meta_box":{"dwn_cataloghi":[],"dwn_certificazioni":[],"dwn_laser_e_termocamere":[],"dwn_livelle":[],"dwn_misure_meccaniche":[],"dwn_misure_di_angoli":[],"dwn_misura_di_lunghezze":[]},"_links":{"self":[{"href":"https:\/\/www.metrica.it\/de\/wp-json\/wp\/v2\/pages\/145587","targetHints":{"allow":["GET"]}}],"collection":[{"href":"https:\/\/www.metrica.it\/de\/wp-json\/wp\/v2\/pages"}],"about":[{"href":"https:\/\/www.metrica.it\/de\/wp-json\/wp\/v2\/types\/page"}],"author":[{"embeddable":true,"href":"https:\/\/www.metrica.it\/de\/wp-json\/wp\/v2\/users\/1"}],"replies":[{"embeddable":true,"href":"https:\/\/www.metrica.it\/de\/wp-json\/wp\/v2\/comments?post=145587"}],"version-history":[{"count":0,"href":"https:\/\/www.metrica.it\/de\/wp-json\/wp\/v2\/pages\/145587\/revisions"}],"wp:attachment":[{"href":"https:\/\/www.metrica.it\/de\/wp-json\/wp\/v2\/media?parent=145587"}],"curies":[{"name":"wp","href":"https:\/\/api.w.org\/{rel}","templated":true}]}}