{"id":145589,"date":"2024-09-02T19:26:58","date_gmt":"2024-09-02T17:26:58","guid":{"rendered":"https:\/\/www.metrica.it\/?page_id=145589"},"modified":"2024-09-02T19:38:27","modified_gmt":"2024-09-02T17:38:27","slug":"privacy","status":"publish","type":"page","link":"https:\/\/www.metrica.it\/es\/privacy\/","title":{"rendered":"Privacy"},"content":{"rendered":"\n<p class=\"has-text-align-center\">INFORMACI\u00d3N SOBRE EL TRATAMIENTO DE DATOS PERSONALES<br>DE CONFORMIDAD CON LOS ART\u00cdCULOS 13 Y 14 DEL RGPPD<br>(REGLAMENTO GENERAL DE PROTECCI\u00d3N DE DATOS) 2016\/679<br><\/p>\n\n\n\n<p>La Empresa abajo firmante le informa que, para la gesti\u00f3n de las relaciones comerciales, es titular de sus datos denominados \u00abpersonales\u00bb de conformidad y a los efectos del C\u00f3digo de Protecci\u00f3n de Datos Personales (Decreto Legislativo 196\/2003) y posteriores modificaciones y del Reglamento UE 2016\/679 (\u00abGDPR\u00bb).&nbsp;<\/p>\n\n\n\n<p>y, por lo tanto, le informa de que:<\/p>\n\n\n\n<p><strong>1. CONTACTOS DEL TITULAR<\/strong><\/p>\n\n\n\n<p>El Responsable del tratamiento de los datos personales es METRICA S.p.A.. en la persona de su representante legal pro tempore, con domicilio social en Arzignano (VI) Viale Vicenza 40, con quien se puede contactar por correo postal en la misma direcci\u00f3n o: por correo electr\u00f3nico a <a href=\"mailto:Info@metrica.it\">Info@metrica.it<\/a>, por correo o Pec a <a href=\"mailto:metrica.spa@legalmail.it\">metrica.spa@legalmail.it<\/a>.<\/p>\n\n\n\n<p><strong>2. FINALIDAD DEL TRATAMIENTO<\/strong><\/p>\n\n\n\n<p>Sus datos personales se procesan<\/p>\n\n\n\n<p>sin su consentimiento expreso (art. 24 lett. a), b), c) C\u00f3digo de Privacidad y art. 6 lett. b), e) GDPR), para las siguientes Finalidades de Servicio:&nbsp;<\/p>\n\n\n\n<p>&#8211; concluir cualquier solicitud o contrato de servicios \/ productos del Controlador;<\/p>\n\n\n\n<p>&#8211; cumplir las obligaciones precontractuales, contractuales y fiscales derivadas de las relaciones con usted<\/p>\n\n\n\n<p>&#8211; cumplir las obligaciones previstas por las leyes, los reglamentos, la legislaci\u00f3n de la UE o una orden de la Autoridad (como la lucha contra el blanqueo de capitales)<\/p>\n\n\n\n<p>&#8211; ejercer los derechos del Responsable del tratamiento, como el derecho de defensa en juicio;<\/p>\n\n\n\n<p><strong>3. M\u00c9TODOS DE TRATAMIENTO<\/strong><\/p>\n\n\n\n<p>El tratamiento de sus datos personales se lleva a cabo mediante las operaciones indicadas en el Art. 4 C\u00f3digo de Privacidad y Art. 4 n. 2) GDPR y precisamente: recogida, registro, organizaci\u00f3n, almacenamiento, consulta, procesamiento, modificaci\u00f3n, selecci\u00f3n, extracci\u00f3n, comparaci\u00f3n, uso, interconexi\u00f3n, bloqueo, comunicaci\u00f3n, cancelaci\u00f3n y destrucci\u00f3n de datos. Sus datos personales son objeto de tratamiento tanto en papel como electr\u00f3nico.&nbsp;<\/p>\n\n\n\n<p><strong>4. COMUNICACI\u00d3N<\/strong><\/p>\n\n\n\n<p>Sus datos podr\u00e1n ser comunicados para los fines previstos en el art. 2:<\/p>\n\n\n\n<p>&#8211; a los empleados, colaboradores y agentes del Responsable del tratamiento autorizados previamente<\/p>\n\n\n\n<p>&#8211; administradores de sistemas<\/p>\n\n\n\n<p>&#8211; a terceras empresas u otras entidades (a modo de ejemplo, entidades de cr\u00e9dito, despachos profesionales, consultores, compa\u00f1\u00edas de seguros para la prestaci\u00f3n de servicios de seguros, etc.) que realicen actividades de externalizaci\u00f3n por cuenta del Responsable del tratamiento, en su calidad de encargados externos del tratamiento de datos con los \u00fanicos fines indicados en el punto 2&nbsp;<\/p>\n\n\n\n<p>&#8211; empresas que operan en el sector del transporte;<\/p>\n\n\n\n<p>Comunicaci\u00f3n de datos Sin necesidad de su consentimiento expreso (de conformidad con el art. 24 lett. a), b), d) del C\u00f3digo de Privacidad y el art. 6 lett. b) y c) del GDPR), el Responsable del tratamiento podr\u00e1 comunicar sus datos para los fines indicados en el art. 2 a organismos de control (como el IVASS), autoridades judiciales, compa\u00f1\u00edas de seguros para la prestaci\u00f3n de servicios de seguros, as\u00ed como a aquellos sujetos a los que la ley exija la comunicaci\u00f3n para el cumplimiento de los fines mencionados. Estos sujetos tratar\u00e1n los datos en su calidad de responsables aut\u00f3nomos del tratamiento.<\/p>\n\n\n\n<p>Sus datos no ser\u00e1n difundidos.<\/p>\n\n\n\n<p><strong>5. NATURALEZA DEL SUMINISTRO DE DATOS Y CONSECUENCIAS DE LA NEGATIVA A RESPONDER<\/strong><\/p>\n\n\n\n<p>El suministro de datos para los fines establecidos en el art. 2 es obligatorio. En ausencia de los mismos, no podremos garantizar los Servicios solicitados.<\/p>\n\n\n\n<p>El suministro de datos para finalidades accesorias, durante la navegaci\u00f3n por el sitio, es facultativo.<\/p>\n\n\n\n<p>Por lo tanto, puede decidir no proporcionar ning\u00fan dato o negar posteriormente la posibilidad de procesar los datos ya proporcionados: en este caso, no podr\u00e1 recibir boletines informativos, comunicaciones comerciales y material publicitario relacionado con los Servicios ofrecidos por el Propietario.<\/p>\n\n\n\n<p><strong>6. PLAZOS DE CONSERVACI\u00d3N<\/strong><\/p>\n\n\n\n<p>El Titular tratar\u00e1 los datos personales durante el tiempo necesario para cumplir con las finalidades anteriormente mencionadas y, en cualquier caso, durante un plazo no superior a 10 a\u00f1os desde la finalizaci\u00f3n de la relaci\u00f3n para las Finalidades de Servicio y durante un plazo no superior a 2 a\u00f1os desde la recogida de datos para las Finalidades de Marketing.<\/p>\n\n\n\n<p><strong>7. LUGAR DE TRATAMIENTO<\/strong><\/p>\n\n\n\n<p>Los datos se tratan y almacenan actualmente en el domicilio social de Arzignano (VI) Viale Vicenza 40. Tambi\u00e9n son tratados, por cuenta del abajo firmante, por profesionales y\/o empresas designadas para realizar actividades de asesoramiento contable-administrativo y laboral, tal y como se ha indicado anteriormente.<\/p>\n\n\n\n<p><strong>8. DERECHOS DEL INTERESADO<\/strong><\/p>\n\n\n\n<p>Como Interesado, podr\u00e1 ejercer frente a la Sociedad todos los derechos reconocidos y garantizados por el art. 7 y siguientes del C\u00f3digo de Privacidad y por las nuevas disposiciones del Reglamento General Europeo 679\/16 (denominado GDPR), en particular tendr\u00e1 derecho a obtener en cualquier momento<\/p>\n\n\n\n<p>a) confirmaci\u00f3n de si se est\u00e1n tratando o no datos personales que le conciernen y, en caso afirmativo, obtener acceso a los datos personales, as\u00ed como informaci\u00f3n sobre las categor\u00edas de datos personales tratados, los destinatarios o categor\u00edas de destinatarios a los que se comunican o comunicar\u00e1n los datos personales, el per\u00edodo de conservaci\u00f3n propuesto, la existencia del derecho a solicitar la rectificaci\u00f3n, supresi\u00f3n o limitaci\u00f3n del tratamiento, el derecho a presentar una reclamaci\u00f3n ante una autoridad de control, la existencia de un proceso automatizado de toma de decisiones, incluida la elaboraci\u00f3n de perfiles<\/p>\n\n\n\n<p>b) la rectificaci\u00f3n inmediata de los datos personales inexactos y la integraci\u00f3n de los datos personales incompletos;<\/p>\n\n\n\n<p>c) la supresi\u00f3n inmediata de los datos personales que le conciernan cuando se retire su consentimiento, cuando ya no sean necesarios para los fines para los que fueron recogidos o tratados de otro modo o cuando haya dejado de existir la base jur\u00eddica para el tratamiento, cuando se hayan tratado de forma il\u00edcita o cuando as\u00ed lo impongan la ley o las autoridades judiciales<\/p>\n\n\n\n<p>d) la limitaci\u00f3n del tratamiento de los datos personales que le conciernan si usted impugna la exactitud de los mismos o el tratamiento es il\u00edcito, o aunque la Sociedad ya no necesite los datos para los fines del tratamiento, los datos personales son, no obstante, necesarios para el reconocimiento, el ejercicio o la defensa de un derecho legal<\/p>\n\n\n\n<p>e) los datos personales que le conciernan facilitados a la Sociedad en un formato estructurado, de uso com\u00fan y lectura mec\u00e1nica y a transmitir dichos datos a otro responsable del tratamiento sin que la Sociedad se lo impida, si el tratamiento se lleva a cabo por medios automatizados. Si es t\u00e9cnicamente posible, tambi\u00e9n tiene derecho a obtener la transmisi\u00f3n directa (la denominada \u00abportabilidad de datos\u00bb) de sus datos personales de la Sociedad a otro responsable del tratamiento;<\/p>\n\n\n\n<p>f) la revocaci\u00f3n del consentimiento dado para el tratamiento de datos sensibles.<\/p>\n\n\n\n<p>Adem\u00e1s de los derechos antes mencionados, el interesado siempre tiene derecho a presentar una reclamaci\u00f3n sobre cualquier cuesti\u00f3n relativa al tratamiento de sus datos personales ante la Autoridad Italiana de Protecci\u00f3n de Datos.<\/p>\n\n\n\n<p>Los derechos mencionados podr\u00e1n ejercerse enviando una solicitud por escrito o por correo electr\u00f3nico a la Sociedad, utilizando los contactos indicados en el punto 1 de la presente nota informativa.<\/p>\n\n\n\n<p>La Empresa se encargar\u00e1 de informarle en caso de que pretenda tratar posteriormente los datos facilitados por usted para un fin distinto de aquel para el que fueron recogidos.<\/p>\n\n\n\n<p>29\/08\/2024 \u2013 San Donato Milanese (MI)<\/p>\n\n\n\n<p>Responsable del tratamiento<\/p>\n","protected":false},"excerpt":{"rendered":"<p>INFORMACI\u00d3N SOBRE EL TRATAMIENTO DE DATOS PERSONALESDE CONFORMIDAD CON LOS ART\u00cdCULOS 13 Y 14 DEL RGPPD(REGLAMENTO GENERAL DE PROTECCI\u00d3N DE DATOS) 2016\/679 La Empresa abajo firmante le informa que, para la gesti\u00f3n de las relaciones comerciales, es titular de sus datos denominados \u00abpersonales\u00bb de conformidad y a los efectos del C\u00f3digo de Protecci\u00f3n de Datos Personales (Decreto Legislativo 196\/2003) y posteriores modificaciones y del Reglamento UE 2016\/679 (\u00abGDPR\u00bb).&nbsp; y, por lo tanto, le informa de que: 1. CONTACTOS DEL TITULAR El Responsable del tratamiento de los datos personales es METRICA S.p.A.. en la persona de su representante legal pro tempore, con domicilio social en Arzignano (VI) Viale Vicenza 40, con quien se puede contactar por correo postal en la misma direcci\u00f3n o: por correo electr\u00f3nico a Info@metrica.it, por correo o Pec a metrica.spa@legalmail.it. 2. FINALIDAD DEL TRATAMIENTO Sus datos personales se procesan sin su consentimiento expreso (art. 24 lett. a), b), c) C\u00f3digo de Privacidad y art. 6 lett. b), e) GDPR), para las siguientes Finalidades de Servicio:&nbsp; &#8211; concluir cualquier solicitud o contrato de servicios \/ productos del Controlador; &#8211; cumplir las obligaciones precontractuales, contractuales y fiscales derivadas de las relaciones con usted &#8211; cumplir las obligaciones previstas por&#8230;<\/p>\n","protected":false},"author":1,"featured_media":0,"parent":0,"menu_order":0,"comment_status":"closed","ping_status":"closed","template":"","meta":{"footnotes":""},"class_list":["post-145589","page","type-page","status-publish","hentry"],"yoast_head":"<title>Privacy - Metrica<\/title>\n<meta name=\"robots\" content=\"index, follow, max-snippet:-1, max-image-preview:large, max-video-preview:-1\" \/>\n<link rel=\"canonical\" href=\"https:\/\/www.metrica.it\/es\/privacy\/\" \/>\n<meta property=\"og:locale\" content=\"es_ES\" \/>\n<meta property=\"og:type\" content=\"article\" \/>\n<meta property=\"og:title\" content=\"Privacy - Metrica\" \/>\n<meta property=\"og:description\" content=\"INFORMACI\u00d3N SOBRE EL TRATAMIENTO DE DATOS PERSONALESDE CONFORMIDAD CON LOS ART\u00cdCULOS 13 Y 14 DEL RGPPD(REGLAMENTO GENERAL DE PROTECCI\u00d3N DE DATOS) 2016\/679 La Empresa abajo firmante le informa que, para la gesti\u00f3n de las relaciones comerciales, es titular de sus datos denominados \u00abpersonales\u00bb de conformidad y a los efectos del C\u00f3digo de Protecci\u00f3n de Datos Personales (Decreto Legislativo 196\/2003) y posteriores modificaciones y del Reglamento UE 2016\/679 (\u00abGDPR\u00bb).&nbsp; y, por lo tanto, le informa de que: 1. CONTACTOS DEL TITULAR El Responsable del tratamiento de los datos personales es METRICA S.p.A.. en la persona de su representante legal pro tempore, con domicilio social en Arzignano (VI) Viale Vicenza 40, con quien se puede contactar por correo postal en la misma direcci\u00f3n o: por correo electr\u00f3nico a Info@metrica.it, por correo o Pec a metrica.spa@legalmail.it. 2. FINALIDAD DEL TRATAMIENTO Sus datos personales se procesan sin su consentimiento expreso (art. 24 lett. a), b), c) C\u00f3digo de Privacidad y art. 6 lett. b), e) GDPR), para las siguientes Finalidades de Servicio:&nbsp; &#8211; concluir cualquier solicitud o contrato de servicios \/ productos del Controlador; &#8211; cumplir las obligaciones precontractuales, contractuales y fiscales derivadas de las relaciones con usted &#8211; cumplir las obligaciones previstas por...\" \/>\n<meta property=\"og:url\" content=\"https:\/\/www.metrica.it\/es\/privacy\/\" \/>\n<meta property=\"og:site_name\" content=\"Metrica\" \/>\n<meta property=\"article:modified_time\" content=\"2024-09-02T17:38:27+00:00\" \/>\n<meta name=\"twitter:card\" content=\"summary_large_image\" \/>\n<meta name=\"twitter:label1\" content=\"Tiempo de lectura\" \/>\n\t<meta name=\"twitter:data1\" content=\"7 minutos\" \/>\n<script type=\"application\/ld+json\" class=\"yoast-schema-graph\">{\"@context\":\"https:\\\/\\\/schema.org\",\"@graph\":[{\"@type\":\"WebPage\",\"@id\":\"https:\\\/\\\/www.metrica.it\\\/es\\\/privacy\\\/\",\"url\":\"https:\\\/\\\/www.metrica.it\\\/es\\\/privacy\\\/\",\"name\":\"Privacy - Metrica\",\"isPartOf\":{\"@id\":\"https:\\\/\\\/www.metrica.it\\\/es\\\/#website\"},\"datePublished\":\"2024-09-02T17:26:58+00:00\",\"dateModified\":\"2024-09-02T17:38:27+00:00\",\"breadcrumb\":{\"@id\":\"https:\\\/\\\/www.metrica.it\\\/es\\\/privacy\\\/#breadcrumb\"},\"inLanguage\":\"es\",\"potentialAction\":[{\"@type\":\"ReadAction\",\"target\":[\"https:\\\/\\\/www.metrica.it\\\/es\\\/privacy\\\/\"]}]},{\"@type\":\"BreadcrumbList\",\"@id\":\"https:\\\/\\\/www.metrica.it\\\/es\\\/privacy\\\/#breadcrumb\",\"itemListElement\":[{\"@type\":\"ListItem\",\"position\":1,\"name\":\"Home\",\"item\":\"https:\\\/\\\/www.metrica.it\\\/es\\\/\"},{\"@type\":\"ListItem\",\"position\":2,\"name\":\"Privacy\"}]},{\"@type\":\"WebSite\",\"@id\":\"https:\\\/\\\/www.metrica.it\\\/es\\\/#website\",\"url\":\"https:\\\/\\\/www.metrica.it\\\/es\\\/\",\"name\":\"Metrica\",\"description\":\"Made to measure\",\"potentialAction\":[{\"@type\":\"SearchAction\",\"target\":{\"@type\":\"EntryPoint\",\"urlTemplate\":\"https:\\\/\\\/www.metrica.it\\\/es\\\/?s={search_term_string}\"},\"query-input\":{\"@type\":\"PropertyValueSpecification\",\"valueRequired\":true,\"valueName\":\"search_term_string\"}}],\"inLanguage\":\"es\"}]}<\/script>","yoast_head_json":{"title":"Privacy - Metrica","robots":{"index":"index","follow":"follow","max-snippet":"max-snippet:-1","max-image-preview":"max-image-preview:large","max-video-preview":"max-video-preview:-1"},"canonical":"https:\/\/www.metrica.it\/es\/privacy\/","og_locale":"es_ES","og_type":"article","og_title":"Privacy - Metrica","og_description":"INFORMACI\u00d3N SOBRE EL TRATAMIENTO DE DATOS PERSONALESDE CONFORMIDAD CON LOS ART\u00cdCULOS 13 Y 14 DEL RGPPD(REGLAMENTO GENERAL DE PROTECCI\u00d3N DE DATOS) 2016\/679 La Empresa abajo firmante le informa que, para la gesti\u00f3n de las relaciones comerciales, es titular de sus datos denominados \u00abpersonales\u00bb de conformidad y a los efectos del C\u00f3digo de Protecci\u00f3n de Datos Personales (Decreto Legislativo 196\/2003) y posteriores modificaciones y del Reglamento UE 2016\/679 (\u00abGDPR\u00bb).&nbsp; y, por lo tanto, le informa de que: 1. CONTACTOS DEL TITULAR El Responsable del tratamiento de los datos personales es METRICA S.p.A.. en la persona de su representante legal pro tempore, con domicilio social en Arzignano (VI) Viale Vicenza 40, con quien se puede contactar por correo postal en la misma direcci\u00f3n o: por correo electr\u00f3nico a Info@metrica.it, por correo o Pec a metrica.spa@legalmail.it. 2. FINALIDAD DEL TRATAMIENTO Sus datos personales se procesan sin su consentimiento expreso (art. 24 lett. a), b), c) C\u00f3digo de Privacidad y art. 6 lett. b), e) GDPR), para las siguientes Finalidades de Servicio:&nbsp; &#8211; concluir cualquier solicitud o contrato de servicios \/ productos del Controlador; &#8211; cumplir las obligaciones precontractuales, contractuales y fiscales derivadas de las relaciones con usted &#8211; cumplir las obligaciones previstas por...","og_url":"https:\/\/www.metrica.it\/es\/privacy\/","og_site_name":"Metrica","article_modified_time":"2024-09-02T17:38:27+00:00","twitter_card":"summary_large_image","twitter_misc":{"Tiempo de lectura":"7 minutos"},"schema":{"@context":"https:\/\/schema.org","@graph":[{"@type":"WebPage","@id":"https:\/\/www.metrica.it\/es\/privacy\/","url":"https:\/\/www.metrica.it\/es\/privacy\/","name":"Privacy - Metrica","isPartOf":{"@id":"https:\/\/www.metrica.it\/es\/#website"},"datePublished":"2024-09-02T17:26:58+00:00","dateModified":"2024-09-02T17:38:27+00:00","breadcrumb":{"@id":"https:\/\/www.metrica.it\/es\/privacy\/#breadcrumb"},"inLanguage":"es","potentialAction":[{"@type":"ReadAction","target":["https:\/\/www.metrica.it\/es\/privacy\/"]}]},{"@type":"BreadcrumbList","@id":"https:\/\/www.metrica.it\/es\/privacy\/#breadcrumb","itemListElement":[{"@type":"ListItem","position":1,"name":"Home","item":"https:\/\/www.metrica.it\/es\/"},{"@type":"ListItem","position":2,"name":"Privacy"}]},{"@type":"WebSite","@id":"https:\/\/www.metrica.it\/es\/#website","url":"https:\/\/www.metrica.it\/es\/","name":"Metrica","description":"Made to measure","potentialAction":[{"@type":"SearchAction","target":{"@type":"EntryPoint","urlTemplate":"https:\/\/www.metrica.it\/es\/?s={search_term_string}"},"query-input":{"@type":"PropertyValueSpecification","valueRequired":true,"valueName":"search_term_string"}}],"inLanguage":"es"}]}},"meta_box":{"dwn_cataloghi":[],"dwn_certificazioni":[],"dwn_laser_e_termocamere":[],"dwn_livelle":[],"dwn_misure_meccaniche":[],"dwn_misure_di_angoli":[],"dwn_misura_di_lunghezze":[]},"_links":{"self":[{"href":"https:\/\/www.metrica.it\/es\/wp-json\/wp\/v2\/pages\/145589","targetHints":{"allow":["GET"]}}],"collection":[{"href":"https:\/\/www.metrica.it\/es\/wp-json\/wp\/v2\/pages"}],"about":[{"href":"https:\/\/www.metrica.it\/es\/wp-json\/wp\/v2\/types\/page"}],"author":[{"embeddable":true,"href":"https:\/\/www.metrica.it\/es\/wp-json\/wp\/v2\/users\/1"}],"replies":[{"embeddable":true,"href":"https:\/\/www.metrica.it\/es\/wp-json\/wp\/v2\/comments?post=145589"}],"version-history":[{"count":0,"href":"https:\/\/www.metrica.it\/es\/wp-json\/wp\/v2\/pages\/145589\/revisions"}],"wp:attachment":[{"href":"https:\/\/www.metrica.it\/es\/wp-json\/wp\/v2\/media?parent=145589"}],"curies":[{"name":"wp","href":"https:\/\/api.w.org\/{rel}","templated":true}]}}